{"id":9852,"date":"2021-02-26T13:00:04","date_gmt":"2021-02-26T16:00:04","guid":{"rendered":"https:\/\/www.catamarca.edu.ar\/plataforma_educativa\/?page_id=9852"},"modified":"2021-03-16T09:15:27","modified_gmt":"2021-03-16T12:15:27","slug":"recursos-educativos-abiertos-docentes-ns-2021","status":"publish","type":"page","link":"https:\/\/www.catamarca.edu.ar\/plataforma_educativa\/recursos-educativos-abiertos-docentes-ns-2021\/","title":{"rendered":"Recursos Educativos Abiertos \u2013 Docentes &#8211; Nivel Secundario .::. 2021"},"content":{"rendered":"\t\t<div data-elementor-type=\"wp-page\" data-elementor-id=\"9852\" class=\"elementor elementor-9852\">\n\t\t\t\t\t\t<section class=\"elementor-section elementor-top-section elementor-element elementor-element-305d2db elementor-section-boxed elementor-section-height-default elementor-section-height-default\" data-id=\"305d2db\" data-element_type=\"section\" data-e-type=\"section\">\n\t\t\t\t\t\t<div class=\"elementor-container elementor-column-gap-default\">\n\t\t\t\t\t<div class=\"elementor-column elementor-col-50 elementor-top-column elementor-element elementor-element-a096ebc\" data-id=\"a096ebc\" data-element_type=\"column\" data-e-type=\"column\">\n\t\t\t<div class=\"elementor-widget-wrap elementor-element-populated\">\n\t\t\t\t\t\t<div class=\"elementor-element elementor-element-d2cb63e elementor-widget elementor-widget-heading\" data-id=\"d2cb63e\" data-element_type=\"widget\" data-e-type=\"widget\" data-widget_type=\"heading.default\">\n\t\t\t\t<div class=\"elementor-widget-container\">\n\t\t\t\t\t<h3 class=\"elementor-heading-title elementor-size-default\">Nivel Secundario<\/h3>\t\t\t\t<\/div>\n\t\t\t\t<\/div>\n\t\t\t\t\t<\/div>\n\t\t<\/div>\n\t\t\t\t<div class=\"elementor-column elementor-col-50 elementor-top-column elementor-element elementor-element-1fff559\" data-id=\"1fff559\" data-element_type=\"column\" data-e-type=\"column\">\n\t\t\t<div class=\"elementor-widget-wrap\">\n\t\t\t\t\t\t\t<\/div>\n\t\t<\/div>\n\t\t\t\t\t<\/div>\n\t\t<\/section>\n\t\t\t\t<section class=\"elementor-section elementor-top-section elementor-element elementor-element-6c15fac elementor-section-boxed elementor-section-height-default elementor-section-height-default\" data-id=\"6c15fac\" data-element_type=\"section\" data-e-type=\"section\">\n\t\t\t\t\t\t<div class=\"elementor-container elementor-column-gap-default\">\n\t\t\t\t\t<div class=\"elementor-column elementor-col-100 elementor-top-column elementor-element elementor-element-e851f33\" data-id=\"e851f33\" data-element_type=\"column\" data-e-type=\"column\">\n\t\t\t<div class=\"elementor-widget-wrap elementor-element-populated\">\n\t\t\t\t\t\t<div class=\"elementor-element elementor-element-5dfc3e5 elementor-icon-list--layout-traditional elementor-list-item-link-full_width elementor-widget elementor-widget-icon-list\" data-id=\"5dfc3e5\" data-element_type=\"widget\" data-e-type=\"widget\" data-widget_type=\"icon-list.default\">\n\t\t\t\t<div class=\"elementor-widget-container\">\n\t\t\t\t\t\t\t<ul class=\"elementor-icon-list-items\">\n\t\t\t\t\t\t\t<li class=\"elementor-icon-list-item\">\n\t\t\t\t\t\t\t\t\t\t\t<a href=\"http:\/\/www.catamarca.edu.ar\/plataforma_educativa\/wp-content\/uploads\/2021\/02\/Ed.Secundaria-CONSIDERACIONES-PARA-EL-TRABAJO-DE-LOS-AUXILIARES-DOCENTES.pdf\" target=\"_blank\">\n\n\t\t\t\t\t\t\t\t\t\t\t\t<span class=\"elementor-icon-list-icon\">\n\t\t\t\t\t\t\t<i aria-hidden=\"true\" class=\"far fa-file-pdf\"><\/i>\t\t\t\t\t\t<\/span>\n\t\t\t\t\t\t\t\t\t\t<span class=\"elementor-icon-list-text\">Consideraciones para el trabajo de los Auxiliares Docentes<\/span>\n\t\t\t\t\t\t\t\t\t\t\t<\/a>\n\t\t\t\t\t\t\t\t\t<\/li>\n\t\t\t\t\t\t\t\t<li class=\"elementor-icon-list-item\">\n\t\t\t\t\t\t\t\t\t\t\t<a href=\"http:\/\/www.catamarca.edu.ar\/plataforma_educativa\/wp-content\/uploads\/2021\/02\/Ed.Secundaria-INSTRUCTIVO_FEBRERO.pdf\" target=\"_blank\">\n\n\t\t\t\t\t\t\t\t\t\t\t\t<span class=\"elementor-icon-list-icon\">\n\t\t\t\t\t\t\t<i aria-hidden=\"true\" class=\"far fa-file-pdf\"><\/i>\t\t\t\t\t\t<\/span>\n\t\t\t\t\t\t\t\t\t\t<span class=\"elementor-icon-list-text\">Recomendaciones Organizativas y Pedag\u00f3gicas - Febrero<\/span>\n\t\t\t\t\t\t\t\t\t\t\t<\/a>\n\t\t\t\t\t\t\t\t\t<\/li>\n\t\t\t\t\t\t<\/ul>\n\t\t\t\t\t\t<\/div>\n\t\t\t\t<\/div>\n\t\t\t\t\t<\/div>\n\t\t<\/div>\n\t\t\t\t\t<\/div>\n\t\t<\/section>\n\t\t\t\t<section class=\"elementor-section elementor-top-section elementor-element elementor-element-097a548 elementor-section-boxed elementor-section-height-default elementor-section-height-default\" data-id=\"097a548\" data-element_type=\"section\" data-e-type=\"section\">\n\t\t\t\t\t\t<div class=\"elementor-container elementor-column-gap-default\">\n\t\t\t\t\t<div class=\"elementor-column elementor-col-100 elementor-top-column elementor-element elementor-element-db406a3\" data-id=\"db406a3\" data-element_type=\"column\" data-e-type=\"column\">\n\t\t\t<div class=\"elementor-widget-wrap elementor-element-populated\">\n\t\t\t\t\t\t<div class=\"elementor-element elementor-element-3f9f52c elementor-widget-divider--view-line elementor-widget elementor-widget-divider\" data-id=\"3f9f52c\" data-element_type=\"widget\" data-e-type=\"widget\" data-widget_type=\"divider.default\">\n\t\t\t\t<div class=\"elementor-widget-container\">\n\t\t\t\t\t\t\t<div class=\"elementor-divider\">\n\t\t\t<span class=\"elementor-divider-separator\">\n\t\t\t\t\t\t<\/span>\n\t\t<\/div>\n\t\t\t\t\t\t<\/div>\n\t\t\t\t<\/div>\n\t\t\t\t\t<\/div>\n\t\t<\/div>\n\t\t\t\t\t<\/div>\n\t\t<\/section>\n\t\t\t\t<section class=\"elementor-section elementor-top-section elementor-element elementor-element-5a74a9e elementor-section-boxed elementor-section-height-default elementor-section-height-default\" data-id=\"5a74a9e\" data-element_type=\"section\" data-e-type=\"section\">\n\t\t\t\t\t\t<div class=\"elementor-container elementor-column-gap-default\">\n\t\t\t\t\t<div class=\"elementor-column elementor-col-100 elementor-top-column elementor-element elementor-element-ba75c46\" data-id=\"ba75c46\" data-element_type=\"column\" data-e-type=\"column\">\n\t\t\t<div class=\"elementor-widget-wrap elementor-element-populated\">\n\t\t\t\t\t\t<div class=\"elementor-element elementor-element-b1e0409 elementor-widget elementor-widget-heading\" data-id=\"b1e0409\" data-element_type=\"widget\" data-e-type=\"widget\" data-widget_type=\"heading.default\">\n\t\t\t\t<div class=\"elementor-widget-container\">\n\t\t\t\t\t<h3 class=\"elementor-heading-title elementor-size-default\">Educaci\u00f3n Secundaria Rural<\/h3>\t\t\t\t<\/div>\n\t\t\t\t<\/div>\n\t\t\t\t<div class=\"elementor-element elementor-element-d55c582 elementor-icon-list--layout-traditional elementor-list-item-link-full_width elementor-widget elementor-widget-icon-list\" data-id=\"d55c582\" data-element_type=\"widget\" data-e-type=\"widget\" data-widget_type=\"icon-list.default\">\n\t\t\t\t<div class=\"elementor-widget-container\">\n\t\t\t\t\t\t\t<ul class=\"elementor-icon-list-items\">\n\t\t\t\t\t\t\t<li class=\"elementor-icon-list-item\">\n\t\t\t\t\t\t\t\t\t\t\t<a href=\"http:\/\/www.catamarca.edu.ar\/plataforma_educativa\/wp-content\/uploads\/2021\/02\/Secundaria_Rural_2030_Documento-Marco.pdf\" target=\"_blank\">\n\n\t\t\t\t\t\t\t\t\t\t\t\t<span class=\"elementor-icon-list-icon\">\n\t\t\t\t\t\t\t<i aria-hidden=\"true\" class=\"far fa-file-pdf\"><\/i>\t\t\t\t\t\t<\/span>\n\t\t\t\t\t\t\t\t\t\t<span class=\"elementor-icon-list-text\">Secundaria Rural 2030 - Documento Marco<\/span>\n\t\t\t\t\t\t\t\t\t\t\t<\/a>\n\t\t\t\t\t\t\t\t\t<\/li>\n\t\t\t\t\t\t\t\t<li class=\"elementor-icon-list-item\">\n\t\t\t\t\t\t\t\t\t\t\t<a href=\"http:\/\/www.catamarca.edu.ar\/plataforma_educativa\/wp-content\/uploads\/2021\/02\/Resolucion-CFE-N-128-10-Educacion-Rural-en-el-Sistema-Educativo-Nacional.pdf\" target=\"_blank\">\n\n\t\t\t\t\t\t\t\t\t\t\t\t<span class=\"elementor-icon-list-icon\">\n\t\t\t\t\t\t\t<i aria-hidden=\"true\" class=\"far fa-file-pdf\"><\/i>\t\t\t\t\t\t<\/span>\n\t\t\t\t\t\t\t\t\t\t<span class=\"elementor-icon-list-text\">Resoluci\u00f3n CFE 128\/10 - Educaci\u00f3n Rural en el Sistema Educativo Nacional<\/span>\n\t\t\t\t\t\t\t\t\t\t\t<\/a>\n\t\t\t\t\t\t\t\t\t<\/li>\n\t\t\t\t\t\t\t\t<li class=\"elementor-icon-list-item\">\n\t\t\t\t\t\t\t\t\t\t\t<a href=\"http:\/\/www.catamarca.edu.ar\/plataforma_educativa\/wp-content\/uploads\/2021\/03\/RCFE-190-12-Anexo-II-Marco-de-Referencia-Bachiller-en-Agro-y-ambiente-Agrario-1.pdf\" target=\"_blank\">\n\n\t\t\t\t\t\t\t\t\t\t\t\t<span class=\"elementor-icon-list-icon\">\n\t\t\t\t\t\t\t<i aria-hidden=\"true\" class=\"far fa-file-pdf\"><\/i>\t\t\t\t\t\t<\/span>\n\t\t\t\t\t\t\t\t\t\t<span class=\"elementor-icon-list-text\">Resoluci\u00f3n CFE 190\/12 - Anexo II - Marco de Referencia Bachiller en Agro y Ambiente - Agrario<\/span>\n\t\t\t\t\t\t\t\t\t\t\t<\/a>\n\t\t\t\t\t\t\t\t\t<\/li>\n\t\t\t\t\t\t\t\t<li class=\"elementor-icon-list-item\">\n\t\t\t\t\t\t\t\t\t\t\t<a href=\"http:\/\/www.catamarca.edu.ar\/plataforma_educativa\/wp-content\/uploads\/2021\/02\/RCFE-84-09-anexo01-Lineamientos-Politicos-y-Estrategicos-de-la-Educ-Secundaria-Obligatoria.pdf\" target=\"_blank\">\n\n\t\t\t\t\t\t\t\t\t\t\t\t<span class=\"elementor-icon-list-icon\">\n\t\t\t\t\t\t\t<i aria-hidden=\"true\" class=\"far fa-file-pdf\"><\/i>\t\t\t\t\t\t<\/span>\n\t\t\t\t\t\t\t\t\t\t<span class=\"elementor-icon-list-text\">Resoluci\u00f3n CFE 84\/09 - Anexo I - Lineamientos Pol\u00edticos y Estrat\u00e9gicos de la Educ.Secundaria Obligatoria<\/span>\n\t\t\t\t\t\t\t\t\t\t\t<\/a>\n\t\t\t\t\t\t\t\t\t<\/li>\n\t\t\t\t\t\t\t\t<li class=\"elementor-icon-list-item\">\n\t\t\t\t\t\t\t\t\t\t\t<a href=\"http:\/\/www.catamarca.edu.ar\/plataforma_educativa\/wp-content\/uploads\/2021\/02\/RCFE-N\u00b093-09-anexo-Orientaciones-para-la-Organizacion-Pedagogica-e-Institucional-de-la-Educ-Secundaria-Obligatoria.pdf\" target=\"_blank\">\n\n\t\t\t\t\t\t\t\t\t\t\t\t<span class=\"elementor-icon-list-icon\">\n\t\t\t\t\t\t\t<i aria-hidden=\"true\" class=\"far fa-file-pdf\"><\/i>\t\t\t\t\t\t<\/span>\n\t\t\t\t\t\t\t\t\t\t<span class=\"elementor-icon-list-text\">Resoluci\u00f3n CFE 93\/09 - Anexo - Orientaciones para la Organizaci\u00f3n Pedag\u00f3gica e Institucional de la Educ.Secundaria Obligatoria<\/span>\n\t\t\t\t\t\t\t\t\t\t\t<\/a>\n\t\t\t\t\t\t\t\t\t<\/li>\n\t\t\t\t\t\t\t\t<li class=\"elementor-icon-list-item\">\n\t\t\t\t\t\t\t\t\t\t\t<a href=\"http:\/\/www.catamarca.edu.ar\/plataforma_educativa\/wp-content\/uploads\/2021\/02\/RCFE-174-12-Pautas-federales-para-el-mejoram-de-la-ensen-y-aprend-y-las-trayect-escol.pdf\" target=\"_blank\">\n\n\t\t\t\t\t\t\t\t\t\t\t\t<span class=\"elementor-icon-list-icon\">\n\t\t\t\t\t\t\t<i aria-hidden=\"true\" class=\"far fa-file-pdf\"><\/i>\t\t\t\t\t\t<\/span>\n\t\t\t\t\t\t\t\t\t\t<span class=\"elementor-icon-list-text\">Resoluci\u00f3n CFE 174\/12 - Pautas federales para el mejoramiento de la ense\u00f1anza y aprendizaje y las trayectorias escolares<\/span>\n\t\t\t\t\t\t\t\t\t\t\t<\/a>\n\t\t\t\t\t\t\t\t\t<\/li>\n\t\t\t\t\t\t\t\t<li class=\"elementor-icon-list-item\">\n\t\t\t\t\t\t\t\t\t\t\t<a href=\"http:\/\/www.catamarca.edu.ar\/plataforma_educativa\/wp-content\/uploads\/2021\/03\/ER-PROYECTOS-ESCOLARES-PRODUCTIVOS-DE-BASE-LOCAL.pdf\" target=\"_blank\">\n\n\t\t\t\t\t\t\t\t\t\t\t\t<span class=\"elementor-icon-list-icon\">\n\t\t\t\t\t\t\t<i aria-hidden=\"true\" class=\"far fa-file-pdf\"><\/i>\t\t\t\t\t\t<\/span>\n\t\t\t\t\t\t\t\t\t\t<span class=\"elementor-icon-list-text\">Proyectos Escolares Productivos de Base Local<\/span>\n\t\t\t\t\t\t\t\t\t\t\t<\/a>\n\t\t\t\t\t\t\t\t\t<\/li>\n\t\t\t\t\t\t<\/ul>\n\t\t\t\t\t\t<\/div>\n\t\t\t\t<\/div>\n\t\t\t\t\t<\/div>\n\t\t<\/div>\n\t\t\t\t\t<\/div>\n\t\t<\/section>\n\t\t\t\t<section class=\"elementor-section elementor-top-section elementor-element elementor-element-8fad73d elementor-section-boxed elementor-section-height-default elementor-section-height-default\" data-id=\"8fad73d\" data-element_type=\"section\" data-e-type=\"section\">\n\t\t\t\t\t\t<div class=\"elementor-container elementor-column-gap-default\">\n\t\t\t\t\t<div class=\"elementor-column elementor-col-100 elementor-top-column elementor-element elementor-element-b7d5b41\" data-id=\"b7d5b41\" data-element_type=\"column\" data-e-type=\"column\">\n\t\t\t<div class=\"elementor-widget-wrap elementor-element-populated\">\n\t\t\t\t\t\t<div class=\"elementor-element elementor-element-10b491c elementor-widget elementor-widget-spacer\" data-id=\"10b491c\" data-element_type=\"widget\" data-e-type=\"widget\" data-widget_type=\"spacer.default\">\n\t\t\t\t<div class=\"elementor-widget-container\">\n\t\t\t\t\t\t\t<div class=\"elementor-spacer\">\n\t\t\t<div class=\"elementor-spacer-inner\"><\/div>\n\t\t<\/div>\n\t\t\t\t\t\t<\/div>\n\t\t\t\t<\/div>\n\t\t\t\t\t<\/div>\n\t\t<\/div>\n\t\t\t\t\t<\/div>\n\t\t<\/section>\n\t\t\t\t<\/div>\n\t\t","protected":false},"excerpt":{"rendered":"<p>Nivel Secundario Consideraciones para el trabajo de los Auxiliares Docentes Recomendaciones Organizativas y Pedag\u00f3gicas &#8211; Febrero Educaci\u00f3n Secundaria Rural Secundaria Rural 2030 &#8211; Documento Marco Resoluci\u00f3n CFE 128\/10 &#8211; Educaci\u00f3n Rural en el Sistema Educativo Nacional Resoluci\u00f3n CFE 190\/12 &#8211; Anexo II &#8211; Marco de Referencia Bachiller en Agro y Ambiente &#8211; Agrario Resoluci\u00f3n CFE&hellip; <br \/> <a class=\"read-more\" href=\"https:\/\/www.catamarca.edu.ar\/plataforma_educativa\/recursos-educativos-abiertos-docentes-ns-2021\/\">Read more<\/a><\/p>\n","protected":false},"author":2,"featured_media":0,"parent":0,"menu_order":0,"comment_status":"closed","ping_status":"closed","template":"elementor_header_footer","meta":{"footnotes":""},"class_list":["post-9852","page","type-page","status-publish","hentry"],"_links":{"self":[{"href":"https:\/\/www.catamarca.edu.ar\/plataforma_educativa\/wp-json\/wp\/v2\/pages\/9852","targetHints":{"allow":["GET"]}}],"collection":[{"href":"https:\/\/www.catamarca.edu.ar\/plataforma_educativa\/wp-json\/wp\/v2\/pages"}],"about":[{"href":"https:\/\/www.catamarca.edu.ar\/plataforma_educativa\/wp-json\/wp\/v2\/types\/page"}],"author":[{"embeddable":true,"href":"https:\/\/www.catamarca.edu.ar\/plataforma_educativa\/wp-json\/wp\/v2\/users\/2"}],"replies":[{"embeddable":true,"href":"https:\/\/www.catamarca.edu.ar\/plataforma_educativa\/wp-json\/wp\/v2\/comments?post=9852"}],"version-history":[{"count":34,"href":"https:\/\/www.catamarca.edu.ar\/plataforma_educativa\/wp-json\/wp\/v2\/pages\/9852\/revisions"}],"predecessor-version":[{"id":10530,"href":"https:\/\/www.catamarca.edu.ar\/plataforma_educativa\/wp-json\/wp\/v2\/pages\/9852\/revisions\/10530"}],"wp:attachment":[{"href":"https:\/\/www.catamarca.edu.ar\/plataforma_educativa\/wp-json\/wp\/v2\/media?parent=9852"}],"curies":[{"name":"wp","href":"https:\/\/api.w.org\/{rel}","templated":true}]}}